{"id":377,"date":"2015-07-09T14:29:13","date_gmt":"2015-07-09T14:29:13","guid":{"rendered":"http:\/\/medicine-plus.cmsmasters.net\/?post_type=profile&#038;p=377"},"modified":"2024-03-11T21:28:30","modified_gmt":"2024-03-11T20:28:30","slug":"malgorzata-slusarska","status":"publish","type":"profile","link":"https:\/\/www.rado-dent.pl\/dev\/profile\/malgorzata-slusarska\/","title":{"rendered":"Ma\u0142gorzata Ka\u0142u\u017cna-\u015alusarska"},"content":{"rendered":"<style type=\"text\/css\"><\/style><div id=\"cmsms_row_69f0c338a44d58_29886336\" class=\"cmsms_row cmsms_color_scheme_default\">\n<div class=\"cmsms_row_outer_parent\">\n<div class=\"cmsms_row_outer\">\n<div class=\"cmsms_row_inner\">\n<div class=\"cmsms_row_margin\">\n<div class=\"cmsms_column one_half\">\n<div class=\"cmsms_img  cmsms_image_n\">\n<img decoding=\"async\" src=\"https:\/\/www.rado-dent.pl\/dev\/wp-content\/uploads\/2024\/03\/Gosia-portret.jpg\" \/>\n<\/div>\n<\/div>\n<div class=\"cmsms_column one_half\">\n<div class=\"cmsms_text\">\n<p>Absolwentka Wydzia\u0142u Lekarsko-Dentystycznego Uniwersytetu Medycznego w \u0141odzi.<br \/>\nSpecjalizuje si\u0119 w stomatologii zachowawczej, estetycznej, endodoncji<br \/>\ni leczeniu dzieci.<br \/>\nStale poszerza swoj\u0105 wiedz\u0119, uczestnicz\u0105c w szkoleniach<br \/>\ni konferencjach. Jest cz\u0142onkiem Polskiego Towarzystwa Stomatologicznego.<\/p>\n<h5 class=\"call_us\"><span class=\"cmsms-icon-phone-4\">+48 507 127 719<\/span><\/h5>\n<\/div>\n<\/div>\n<\/div>\n<\/div>\n<\/div>\n<\/div>\n<\/div>\n\n","protected":false},"excerpt":{"rendered":"<p>Specjalizuje si\u0119 w stomatologii zachowawczej, estetycznej, endodoncji i leczeniu dzieci.<\/p>\n","protected":false},"featured_media":4812,"menu_order":2,"template":"","meta":{"footnotes":""},"class_list":["post-377","profile","type-profile","status-publish","has-post-thumbnail","hentry","pl-categs-staff-2"],"_links":{"self":[{"href":"https:\/\/www.rado-dent.pl\/dev\/wp-json\/wp\/v2\/profile\/377","targetHints":{"allow":["GET"]}}],"collection":[{"href":"https:\/\/www.rado-dent.pl\/dev\/wp-json\/wp\/v2\/profile"}],"about":[{"href":"https:\/\/www.rado-dent.pl\/dev\/wp-json\/wp\/v2\/types\/profile"}],"version-history":[{"count":10,"href":"https:\/\/www.rado-dent.pl\/dev\/wp-json\/wp\/v2\/profile\/377\/revisions"}],"predecessor-version":[{"id":4817,"href":"https:\/\/www.rado-dent.pl\/dev\/wp-json\/wp\/v2\/profile\/377\/revisions\/4817"}],"wp:featuredmedia":[{"embeddable":true,"href":"https:\/\/www.rado-dent.pl\/dev\/wp-json\/wp\/v2\/media\/4812"}],"wp:attachment":[{"href":"https:\/\/www.rado-dent.pl\/dev\/wp-json\/wp\/v2\/media?parent=377"}],"curies":[{"name":"wp","href":"https:\/\/api.w.org\/{rel}","templated":true}]}}